{"id":1412,"date":"2022-03-02T09:19:21","date_gmt":"2022-03-02T09:19:21","guid":{"rendered":"https:\/\/maisondefrance.de\/?page_id=1412"},"modified":"2025-04-07T21:43:32","modified_gmt":"2025-04-07T21:43:32","slug":"home","status":"publish","type":"page","link":"https:\/\/maisondefrance.de\/fr\/","title":{"rendered":"Accueil"},"content":{"rendered":"<div data-elementor-type=\"wp-page\" data-elementor-id=\"1412\" class=\"elementor elementor-1412\" data-elementor-post-type=\"page\">\n\t\t\t\t<div class=\"elementor-element elementor-element-21314c5 e-flex e-con-boxed e-con e-parent\" data-id=\"21314c5\" data-element_type=\"container\" data-settings=\"{&quot;background_background&quot;:&quot;slideshow&quot;,&quot;background_slideshow_gallery&quot;:[{&quot;id&quot;:1828,&quot;url&quot;:&quot;https:\\\/\\\/maisondefrance.de\\\/wp-content\\\/uploads\\\/2024\\\/04\\\/Jul_21_2017_MDF_PHOTOS_020_sRGB_Web.jpg&quot;},{&quot;id&quot;:1826,&quot;url&quot;:&quot;https:\\\/\\\/maisondefrance.de\\\/wp-content\\\/uploads\\\/2024\\\/04\\\/Jul_21_2017_MDF_PHOTOS_46_sRGB_Web.jpg&quot;},{&quot;id&quot;:1827,&quot;url&quot;:&quot;https:\\\/\\\/maisondefrance.de\\\/wp-content\\\/uploads\\\/2024\\\/04\\\/Jul_21_2017_MDF_PHOTOS_158_sRGB_Web.jpg&quot;},{&quot;id&quot;:1829,&quot;url&quot;:&quot;https:\\\/\\\/maisondefrance.de\\\/wp-content\\\/uploads\\\/2024\\\/04\\\/Jul_21_2017_MDF_PHOTOS_43_sRGB_Web.jpg&quot;}],&quot;background_slideshow_loop&quot;:&quot;yes&quot;,&quot;background_slideshow_slide_duration&quot;:5000,&quot;background_slideshow_slide_transition&quot;:&quot;fade&quot;,&quot;background_slideshow_transition_duration&quot;:500}\">\n\t\t\t\t\t<div class=\"e-con-inner\">\n\t\t<div class=\"elementor-element elementor-element-e8694c7 e-con-full e-flex e-con e-child\" data-id=\"e8694c7\" data-element_type=\"container\" data-settings=\"{&quot;background_background&quot;:&quot;classic&quot;}\">\n\t\t\t\t<div class=\"elementor-element elementor-element-cffcb38 animated-slow elementor-invisible elementor-widget elementor-widget-heading\" data-id=\"cffcb38\" data-element_type=\"widget\" data-settings=\"{&quot;_animation&quot;:&quot;fadeInDown&quot;}\" data-widget_type=\"heading.default\">\n\t\t\t\t<div class=\"elementor-widget-container\">\n\t\t\t\t\t<h1 class=\"elementor-heading-title elementor-size-default\">Cercle des amis <br>MAISON DE FRANCE e.V.<\/h1>\t\t\t\t<\/div>\n\t\t\t\t<\/div>\n\t\t\t\t<\/div>\n\t\t\t\t\t<\/div>\n\t\t\t\t<\/div>\n\t\t<div class=\"elementor-element elementor-element-31921ca e-flex e-con-boxed e-con e-parent\" data-id=\"31921ca\" data-element_type=\"container\">\n\t\t\t\t\t<div class=\"e-con-inner\">\n\t\t\t\t<div class=\"elementor-element elementor-element-6ba66e7 elementor-widget elementor-widget-text-editor\" data-id=\"6ba66e7\" data-element_type=\"widget\" data-widget_type=\"text-editor.default\">\n\t\t\t\t<div class=\"elementor-widget-container\">\n\t\t\t\t\t\t\t\t\t<div class=\"elementor-element elementor-element-16c0f15 e-con-full e-flex e-con e-child\" data-id=\"16c0f15\" data-element_type=\"container\" data-settings=\"{&quot;content_width&quot;:&quot;full&quot;}\"><div class=\"elementor-element elementor-element-cd3da81 elementor-widget elementor-widget-image\" data-id=\"cd3da81\" data-element_type=\"widget\" data-widget_type=\"image.default\"><div class=\"elementor-widget-container\"><p class=\"wp-caption\">(Credit Fotos : \u00a9Pierre-Jerome Adjedj)<\/p><\/div><\/div><\/div>\t\t\t\t\t\t\t\t<\/div>\n\t\t\t\t<\/div>\n\t\t\t\t\t<\/div>\n\t\t\t\t<\/div>\n\t\t<div class=\"elementor-element elementor-element-ebad957 e-flex e-con-boxed e-con e-parent\" data-id=\"ebad957\" data-element_type=\"container\">\n\t\t\t\t\t<div class=\"e-con-inner\">\n\t\t<div class=\"elementor-element elementor-element-190216c e-con-full e-flex e-con e-child\" data-id=\"190216c\" data-element_type=\"container\">\n\t\t\t\t<div class=\"elementor-element elementor-element-4730ee4 animated-slow elementor-invisible elementor-widget elementor-widget-heading\" data-id=\"4730ee4\" data-element_type=\"widget\" data-settings=\"{&quot;_animation&quot;:&quot;fadeIn&quot;}\" data-widget_type=\"heading.default\">\n\t\t\t\t<div class=\"elementor-widget-container\">\n\t\t\t\t\t<h2 class=\"elementor-heading-title elementor-size-default\">Herzlich Willkommen et bienvenue sur le site de l'association du Cercle des amis de la MAISON DE FRANCE \u00e0 Berlin<\/h2>\t\t\t\t<\/div>\n\t\t\t\t<\/div>\n\t\t\t\t<div class=\"elementor-element elementor-element-5376154 elementor-widget elementor-widget-image\" data-id=\"5376154\" data-element_type=\"widget\" data-widget_type=\"image.default\">\n\t\t\t\t<div class=\"elementor-widget-container\">\n\t\t\t\t\t\t\t\t\t\t\t\t\t\t\t<img fetchpriority=\"high\" decoding=\"async\" width=\"1024\" height=\"320\" src=\"https:\/\/maisondefrance.de\/wp-content\/uploads\/2024\/02\/cropped-maisondefrance-2018-1-1024x320-1.jpg\" class=\"attachment-full size-full wp-image-1443\" alt=\"Maison de France\" srcset=\"https:\/\/maisondefrance.de\/wp-content\/uploads\/2024\/02\/cropped-maisondefrance-2018-1-1024x320-1.jpg 1024w, https:\/\/maisondefrance.de\/wp-content\/uploads\/2024\/02\/cropped-maisondefrance-2018-1-1024x320-1-300x94.jpg 300w, https:\/\/maisondefrance.de\/wp-content\/uploads\/2024\/02\/cropped-maisondefrance-2018-1-1024x320-1-768x240.jpg 768w\" sizes=\"(max-width: 1024px) 100vw, 1024px\" \/>\t\t\t\t\t\t\t\t\t\t\t\t\t\t\t<\/div>\n\t\t\t\t<\/div>\n\t\t\t\t<\/div>\n\t\t\t\t\t<\/div>\n\t\t\t\t<\/div>\n\t\t<div class=\"elementor-element elementor-element-fe3e3c4 e-flex e-con-boxed e-con e-parent\" data-id=\"fe3e3c4\" data-element_type=\"container\">\n\t\t\t\t\t<div class=\"e-con-inner\">\n\t\t<div class=\"elementor-element elementor-element-660a160 e-flex e-con-boxed e-con e-child\" data-id=\"660a160\" data-element_type=\"container\">\n\t\t\t\t\t<div class=\"e-con-inner\">\n\t\t\t\t<div class=\"elementor-element elementor-element-95957b0 elementor-widget elementor-widget-heading\" data-id=\"95957b0\" data-element_type=\"widget\" data-widget_type=\"heading.default\">\n\t\t\t\t<div class=\"elementor-widget-container\">\n\t\t\t\t\t<h6 class=\"elementor-heading-title elementor-size-default\">QUI SOMMES NOUS\n<\/h6>\t\t\t\t<\/div>\n\t\t\t\t<\/div>\n\t\t\t\t<div class=\"elementor-element elementor-element-984b635 elementor-widget elementor-widget-text-editor\" data-id=\"984b635\" data-element_type=\"widget\" data-widget_type=\"text-editor.default\">\n\t\t\t\t<div class=\"elementor-widget-container\">\n\t\t\t\t\t\t\t\t\t<p>Le cercle des amis de la Maison de France de Berlin est une communaut\u00e9 vivante de gens passionn\u00e9s de culture, qui se consacrent \u00e0 la diffusion de la culture, de l'art et de la langue fran\u00e7aise. La Maison de France, situ\u00e9e sur le Kurf\u00fcrstendamm, est au centre de l'attention en tant que lieu de vie culturelle fran\u00e7aise digne d'\u00eatre pr\u00e9serv\u00e9. Les activit\u00e9s qu'on y propose offrent une occasion unique de cr\u00e9er des liens avec des personnes partageant les m\u00eames int\u00e9r\u00eats et de s'immerger ensemble dans le monde fascinant de la culture fran\u00e7aise.<\/p>\t\t\t\t\t\t\t\t<\/div>\n\t\t\t\t<\/div>\n\t\t\t\t\t<\/div>\n\t\t\t\t<\/div>\n\t\t<div class=\"elementor-element elementor-element-e6497e4 e-flex e-con-boxed e-con e-child\" data-id=\"e6497e4\" data-element_type=\"container\">\n\t\t\t\t\t<div class=\"e-con-inner\">\n\t\t\t\t<div class=\"elementor-element elementor-element-9fec9fb elementor-widget elementor-widget-heading\" data-id=\"9fec9fb\" data-element_type=\"widget\" data-widget_type=\"heading.default\">\n\t\t\t\t<div class=\"elementor-widget-container\">\n\t\t\t\t\t<h6 class=\"elementor-heading-title elementor-size-default\">QUE FAISONS NOUS\n\n<\/h6>\t\t\t\t<\/div>\n\t\t\t\t<\/div>\n\t\t\t\t<div class=\"elementor-element elementor-element-9f355f9 elementor-widget elementor-widget-text-editor\" data-id=\"9f355f9\" data-element_type=\"widget\" data-widget_type=\"text-editor.default\">\n\t\t\t\t<div class=\"elementor-widget-container\">\n\t\t\t\t\t\t\t\t\t<p>Nous soutenons l'Institut Fran\u00e7ais, situ\u00e9 dans la Maison, pour l'organisation de certaines manifestations culturelles, telles que des projections de films, de musique, de litt\u00e9rature, de danse et de th\u00e9\u00e2tre, ainsi que pour l'organisation d'expositions en collaboration avec des galeries, des artistes et des mus\u00e9es. En outre, nous organisons nos propres manifestations culturelles et mettons nos membres en r\u00e9seau par le biais de rencontres r\u00e9guli\u00e8res au sein de l'\u00e9tablissement (appel\u00e9es \u00ab Jour Fixe \u00bb), auxquelles nous invitons de temps \u00e0 autre des personnalit\u00e9s de la vie culturelle.<\/p>\t\t\t\t\t\t\t\t<\/div>\n\t\t\t\t<\/div>\n\t\t\t\t\t<\/div>\n\t\t\t\t<\/div>\n\t\t\t\t\t<\/div>\n\t\t\t\t<\/div>\n\t\t<div class=\"elementor-element elementor-element-2b06b0a e-flex e-con-boxed e-con e-parent\" data-id=\"2b06b0a\" data-element_type=\"container\">\n\t\t\t\t\t<div class=\"e-con-inner\">\n\t\t\t\t<div class=\"elementor-element elementor-element-d8538c6 elementor-align-center elementor-widget elementor-widget-button\" data-id=\"d8538c6\" data-element_type=\"widget\" data-widget_type=\"button.default\">\n\t\t\t\t<div class=\"elementor-widget-container\">\n\t\t\t\t\t\t\t\t\t<div class=\"elementor-button-wrapper\">\n\t\t\t\t\t<a class=\"elementor-button elementor-button-link elementor-size-md\" href=\"\/fr\/veranstaltungen\/\">\n\t\t\t\t\t\t<span class=\"elementor-button-content-wrapper\">\n\t\t\t\t\t\t<span class=\"elementor-button-icon\">\n\t\t\t\t<svg aria-hidden=\"true\" class=\"e-font-icon-svg e-fas-long-arrow-alt-right\" viewbox=\"0 0 448 512\" xmlns=\"http:\/\/www.w3.org\/2000\/svg\"><path d=\"M313.941 216H12c-6.627 0-12 5.373-12 12v56c0 6.627 5.373 12 12 12h301.941v46.059c0 21.382 25.851 32.09 40.971 16.971l86.059-86.059c9.373-9.373 9.373-24.569 0-33.941l-86.059-86.059c-15.119-15.119-40.971-4.411-40.971 16.971V216z\"><\/path><\/svg>\t\t\t<\/span>\n\t\t\t\t\t\t\t\t\t<span class=\"elementor-button-text\">Prochains \u00e9v\u00e8nements<\/span>\n\t\t\t\t\t<\/span>\n\t\t\t\t\t<\/a>\n\t\t\t\t<\/div>\n\t\t\t\t\t\t\t\t<\/div>\n\t\t\t\t<\/div>\n\t\t\t\t\t<\/div>\n\t\t\t\t<\/div>\n\t\t<div class=\"elementor-element elementor-element-0071cf4 e-flex e-con-boxed e-con e-parent\" data-id=\"0071cf4\" data-element_type=\"container\">\n\t\t\t\t\t<div class=\"e-con-inner\">\n\t\t\t\t<div class=\"elementor-element elementor-element-39bd22d animated-slow elementor-invisible elementor-widget elementor-widget-heading\" data-id=\"39bd22d\" data-element_type=\"widget\" data-settings=\"{&quot;_animation&quot;:&quot;fadeIn&quot;}\" data-widget_type=\"heading.default\">\n\t\t\t\t<div class=\"elementor-widget-container\">\n\t\t\t\t\t<h3 class=\"elementor-heading-title elementor-size-default\">Maison de France\n<\/h3>\t\t\t\t<\/div>\n\t\t\t\t<\/div>\n\t\t\t\t<div class=\"elementor-element elementor-element-ba22a72 elementor-widget elementor-widget-text-editor\" data-id=\"ba22a72\" data-element_type=\"widget\" data-widget_type=\"text-editor.default\">\n\t\t\t\t<div class=\"elementor-widget-container\">\n\t\t\t\t\t\t\t\t\t<p><strong>Depuis 75 ans, la Maison de France rayonne sur le Ku'damm<\/strong><\/p><p>Ouverte autrefois comme Centre culturel fran\u00e7ais, elle a connue au cours de sa longue histoire des hauts et des bas ainsi que des r\u00e9surrections. Aujourd'hui, c'est un lieu de rencontre, d'\u00e9change, de compr\u00e9hension et surtout d'amiti\u00e9 franco-allemande. V\u00e9ritable phare entre les deux nations, la Maison de France offre \u00e0 tous les Berlinois un foyer culturel qui brille aujourd'hui plus fort que jamais.<\/p>\t\t\t\t\t\t\t\t<\/div>\n\t\t\t\t<\/div>\n\t\t\t\t<div class=\"elementor-element elementor-element-073f5a2 elementor-widget elementor-widget-image\" data-id=\"073f5a2\" data-element_type=\"widget\" data-widget_type=\"image.default\">\n\t\t\t\t<div class=\"elementor-widget-container\">\n\t\t\t\t\t\t\t\t\t\t\t\t\t\t\t<img decoding=\"async\" width=\"600\" height=\"502\" src=\"https:\/\/maisondefrance.de\/wp-content\/uploads\/2025\/04\/75ans_LOGO_FINAL_02_NEU.png\" class=\"attachment-large size-large wp-image-2146\" alt=\"\" srcset=\"https:\/\/maisondefrance.de\/wp-content\/uploads\/2025\/04\/75ans_LOGO_FINAL_02_NEU.png 600w, https:\/\/maisondefrance.de\/wp-content\/uploads\/2025\/04\/75ans_LOGO_FINAL_02_NEU-300x251.png 300w, https:\/\/maisondefrance.de\/wp-content\/uploads\/2025\/04\/75ans_LOGO_FINAL_02_NEU-14x12.png 14w\" sizes=\"(max-width: 600px) 100vw, 600px\" \/>\t\t\t\t\t\t\t\t\t\t\t\t\t\t\t<\/div>\n\t\t\t\t<\/div>\n\t\t\t\t<div class=\"elementor-element elementor-element-c8e8c7d elementor-widget elementor-widget-text-editor\" data-id=\"c8e8c7d\" data-element_type=\"widget\" data-widget_type=\"text-editor.default\">\n\t\t\t\t<div class=\"elementor-widget-container\">\n\t\t\t\t\t\t\t\t\t<p><strong>D\u00e9couvrez la maison de France et les diff\u00e9rents acteurs qui l'animent au quotidien<\/strong><\/p><ul><li>Le\u00a0<strong><a href=\"https:\/\/berlin.institutfrancais.de\/\">Institut fran\u00e7ais Berlin<\/a><\/strong>\u00a0propose des cours de langues, des lectures, des conf\u00e9rences, des discussions, des expositions, des concerts  et des pi\u00e8ces de th\u00e9\u00e2tre, et met \u00e0 la disposition du public une m\u00e9diath\u00e8que compl\u00e8te avec plus de 29 000 m\u00e9dias.<\/li><li><strong><a href=\"https:\/\/www.allemagne.campusfrance.org\/\">Campus France<\/a>\u00a0<\/strong>, au sein de l'Institut Fran\u00e7ais, conseille gratuitement les \u00e9tudiants, les \u00e9l\u00e8ves, les institutions et les \u00e9coles sup\u00e9rieures sur les diff\u00e9rentes possibilit\u00e9s d'\u00e9tudes en France.<\/li><li>La\u00a0<strong><a href=\"http:\/\/www.brasserie-le-paris.com\/\">Brasserie Le Paris<\/a><\/strong>, qui a rouvert depuis janvier 2020, propose de d\u00e9licieuses sp\u00e9cialit\u00e9s de gastronomie fran\u00e7aise.<\/li><li>Le\u00a0<strong><a href=\"https:\/\/www.yorck.de\/kinos\/cinema-paris\">CINEMA PARIS<\/a><\/strong>\u00a0propose des films francophones et europ\u00e9ens, souvent en version originale sous-titr\u00e9e.<\/li><\/ul>\t\t\t\t\t\t\t\t<\/div>\n\t\t\t\t<\/div>\n\t\t<div class=\"elementor-element elementor-element-2ac39ff e-flex e-con-boxed e-con e-child\" data-id=\"2ac39ff\" data-element_type=\"container\">\n\t\t\t\t\t<div class=\"e-con-inner\">\n\t\t\t\t<div class=\"elementor-element elementor-element-5e29406 elementor-align-center elementor-widget elementor-widget-button\" data-id=\"5e29406\" data-element_type=\"widget\" data-widget_type=\"button.default\">\n\t\t\t\t<div class=\"elementor-widget-container\">\n\t\t\t\t\t\t\t\t\t<div class=\"elementor-button-wrapper\">\n\t\t\t\t\t<a class=\"elementor-button elementor-button-link elementor-size-md\" href=\"\/fr\/mitgliedschaft\/\">\n\t\t\t\t\t\t<span class=\"elementor-button-content-wrapper\">\n\t\t\t\t\t\t<span class=\"elementor-button-icon\">\n\t\t\t\t<svg aria-hidden=\"true\" class=\"e-font-icon-svg e-fas-long-arrow-alt-right\" viewbox=\"0 0 448 512\" xmlns=\"http:\/\/www.w3.org\/2000\/svg\"><path d=\"M313.941 216H12c-6.627 0-12 5.373-12 12v56c0 6.627 5.373 12 12 12h301.941v46.059c0 21.382 25.851 32.09 40.971 16.971l86.059-86.059c9.373-9.373 9.373-24.569 0-33.941l-86.059-86.059c-15.119-15.119-40.971-4.411-40.971 16.971V216z\"><\/path><\/svg>\t\t\t<\/span>\n\t\t\t\t\t\t\t\t\t<span class=\"elementor-button-text\">Devenir membre<\/span>\n\t\t\t\t\t<\/span>\n\t\t\t\t\t<\/a>\n\t\t\t\t<\/div>\n\t\t\t\t\t\t\t\t<\/div>\n\t\t\t\t<\/div>\n\t\t\t\t\t<\/div>\n\t\t\t\t<\/div>\n\t\t\t\t\t<\/div>\n\t\t\t\t<\/div>\n\t\t<div class=\"elementor-element elementor-element-52a4c1a e-flex e-con-boxed e-con e-parent\" data-id=\"52a4c1a\" data-element_type=\"container\">\n\t\t\t\t\t<div class=\"e-con-inner\">\n\t\t\t\t\t<\/div>\n\t\t\t\t<\/div>\n\t\t\t\t<\/div>","protected":false},"excerpt":{"rendered":"<p>Freundeskreis MAISON DE FRANCE e.V. (Credit Fotos : \u00a9Pierre-Jerome Adjedj) Bienvenue und herzlich Willkommen beim Freundeskreis MAISON DE FRANCE Berlin e.V. WER WIR SIND Der Freundeskreis MAISON DE FRANCE Berlin ist eine lebendige Gemeinschaft von Kulturbegeisterten, die sich der Verbreitung der franz\u00f6sischen Kultur, Kunst und Sprache verschrieben haben. Dabei steht das Maison de France am [&hellip;]<\/p>","protected":false},"author":1,"featured_media":2146,"parent":0,"menu_order":0,"comment_status":"closed","ping_status":"closed","template":"","meta":{"site-sidebar-layout":"no-sidebar","site-content-layout":"page-builder","ast-site-content-layout":"full-width-container","site-content-style":"unboxed","site-sidebar-style":"unboxed","ast-global-header-display":"","ast-banner-title-visibility":"","ast-main-header-display":"","ast-hfb-above-header-display":"","ast-hfb-below-header-display":"","ast-hfb-mobile-header-display":"","site-post-title":"disabled","ast-breadcrumbs-content":"","ast-featured-img":"disabled","footer-sml-layout":"","ast-disable-related-posts":"","theme-transparent-header-meta":"enabled","adv-header-id-meta":"","stick-header-meta":"","header-above-stick-meta":"","header-main-stick-meta":"","header-below-stick-meta":"","astra-migrate-meta-layouts":"set","ast-page-background-enabled":"default","ast-page-background-meta":{"desktop":{"background-color":"var(--ast-global-color-4)","background-image":"","background-repeat":"repeat","background-position":"center center","background-size":"auto","background-attachment":"scroll","background-type":"","background-media":"","overlay-type":"","overlay-color":"","overlay-opacity":"","overlay-gradient":""},"tablet":{"background-color":"","background-image":"","background-repeat":"repeat","background-position":"center center","background-size":"auto","background-attachment":"scroll","background-type":"","background-media":"","overlay-type":"","overlay-color":"","overlay-opacity":"","overlay-gradient":""},"mobile":{"background-color":"","background-image":"","background-repeat":"repeat","background-position":"center center","background-size":"auto","background-attachment":"scroll","background-type":"","background-media":"","overlay-type":"","overlay-color":"","overlay-opacity":"","overlay-gradient":""}},"ast-content-background-meta":{"desktop":{"background-color":"var(--ast-global-color-5)","background-image":"","background-repeat":"repeat","background-position":"center center","background-size":"auto","background-attachment":"scroll","background-type":"","background-media":"","overlay-type":"","overlay-color":"","overlay-opacity":"","overlay-gradient":""},"tablet":{"background-color":"var(--ast-global-color-5)","background-image":"","background-repeat":"repeat","background-position":"center center","background-size":"auto","background-attachment":"scroll","background-type":"","background-media":"","overlay-type":"","overlay-color":"","overlay-opacity":"","overlay-gradient":""},"mobile":{"background-color":"var(--ast-global-color-5)","background-image":"","background-repeat":"repeat","background-position":"center center","background-size":"auto","background-attachment":"scroll","background-type":"","background-media":"","overlay-type":"","overlay-color":"","overlay-opacity":"","overlay-gradient":""}},"footnotes":""},"class_list":["post-1412","page","type-page","status-publish","has-post-thumbnail","hentry"],"yoast_head":"<!-- This site is optimized with the Yoast SEO plugin v27.0 - https:\/\/yoast.com\/product\/yoast-seo-wordpress\/ -->\n<title>Home - Freundeskreis des MAISON DE FRANCE e.V.<\/title>\n<meta name=\"description\" content=\"Bienvenue und herzlich Willkommen beim Freundeskreis MAISON DE FRANCE Berlin e.V.\" \/>\n<meta name=\"robots\" content=\"index, follow, max-snippet:-1, max-image-preview:large, max-video-preview:-1\" \/>\n<link rel=\"canonical\" href=\"https:\/\/maisondefrance.de\/fr\/\" \/>\n<meta property=\"og:locale\" content=\"fr_FR\" \/>\n<meta property=\"og:type\" content=\"article\" \/>\n<meta property=\"og:title\" content=\"Home - Freundeskreis des MAISON DE FRANCE e.V.\" \/>\n<meta property=\"og:description\" content=\"Bienvenue und herzlich Willkommen beim Freundeskreis MAISON DE FRANCE Berlin e.V.\" \/>\n<meta property=\"og:url\" content=\"https:\/\/maisondefrance.de\/fr\/\" \/>\n<meta property=\"og:site_name\" content=\"Freundeskreis des MAISON DE FRANCE e.V.\" \/>\n<meta property=\"article:modified_time\" content=\"2025-04-07T21:43:32+00:00\" \/>\n<meta property=\"og:image\" content=\"https:\/\/maisondefrance.de\/wp-content\/uploads\/2025\/04\/75ans_LOGO_FINAL_02_NEU.png\" \/>\n\t<meta property=\"og:image:width\" content=\"600\" \/>\n\t<meta property=\"og:image:height\" content=\"502\" \/>\n\t<meta property=\"og:image:type\" content=\"image\/png\" \/>\n<meta name=\"twitter:card\" content=\"summary_large_image\" \/>\n<meta name=\"twitter:label1\" content=\"Dur\u00e9e de lecture estim\u00e9e\" \/>\n\t<meta name=\"twitter:data1\" content=\"3 minutes\" \/>\n<script type=\"application\/ld+json\" class=\"yoast-schema-graph\">{\"@context\":\"https:\/\/schema.org\",\"@graph\":[{\"@type\":\"WebPage\",\"@id\":\"https:\/\/maisondefrance.de\/\",\"url\":\"https:\/\/maisondefrance.de\/\",\"name\":\"Home - Freundeskreis des MAISON DE FRANCE e.V.\",\"isPartOf\":{\"@id\":\"https:\/\/maisondefrance.de\/#website\"},\"primaryImageOfPage\":{\"@id\":\"https:\/\/maisondefrance.de\/#primaryimage\"},\"image\":{\"@id\":\"https:\/\/maisondefrance.de\/#primaryimage\"},\"thumbnailUrl\":\"https:\/\/maisondefrance.de\/wp-content\/uploads\/2025\/04\/75ans_LOGO_FINAL_02_NEU.png\",\"datePublished\":\"2022-03-02T09:19:21+00:00\",\"dateModified\":\"2025-04-07T21:43:32+00:00\",\"description\":\"Bienvenue und herzlich Willkommen beim Freundeskreis MAISON DE FRANCE Berlin e.V.\",\"breadcrumb\":{\"@id\":\"https:\/\/maisondefrance.de\/#breadcrumb\"},\"inLanguage\":\"fr-FR\",\"potentialAction\":[{\"@type\":\"ReadAction\",\"target\":[\"https:\/\/maisondefrance.de\/\"]}]},{\"@type\":\"ImageObject\",\"inLanguage\":\"fr-FR\",\"@id\":\"https:\/\/maisondefrance.de\/#primaryimage\",\"url\":\"https:\/\/maisondefrance.de\/wp-content\/uploads\/2025\/04\/75ans_LOGO_FINAL_02_NEU.png\",\"contentUrl\":\"https:\/\/maisondefrance.de\/wp-content\/uploads\/2025\/04\/75ans_LOGO_FINAL_02_NEU.png\",\"width\":600,\"height\":502},{\"@type\":\"BreadcrumbList\",\"@id\":\"https:\/\/maisondefrance.de\/#breadcrumb\",\"itemListElement\":[{\"@type\":\"ListItem\",\"position\":1,\"name\":\"Startseite\",\"item\":\"https:\/\/maisondefrance.de\/\"},{\"@type\":\"ListItem\",\"position\":2,\"name\":\"Home\"}]},{\"@type\":\"WebSite\",\"@id\":\"https:\/\/maisondefrance.de\/#website\",\"url\":\"https:\/\/maisondefrance.de\/\",\"name\":\"Freundeskreis des MAISON DE FRANCE e.V.\",\"description\":\"Deutsch-Franz\u00f6sischer Kulturverein\",\"publisher\":{\"@id\":\"https:\/\/maisondefrance.de\/#organization\"},\"potentialAction\":[{\"@type\":\"SearchAction\",\"target\":{\"@type\":\"EntryPoint\",\"urlTemplate\":\"https:\/\/maisondefrance.de\/?s={search_term_string}\"},\"query-input\":{\"@type\":\"PropertyValueSpecification\",\"valueRequired\":true,\"valueName\":\"search_term_string\"}}],\"inLanguage\":\"fr-FR\"},{\"@type\":\"Organization\",\"@id\":\"https:\/\/maisondefrance.de\/#organization\",\"name\":\"Freundeskreis des MAISON DE FRANCE e.V.\",\"url\":\"https:\/\/maisondefrance.de\/\",\"logo\":{\"@type\":\"ImageObject\",\"inLanguage\":\"fr-FR\",\"@id\":\"https:\/\/maisondefrance.de\/#\/schema\/logo\/image\/\",\"url\":\"https:\/\/maisondefrance.de\/wp-content\/uploads\/2024\/09\/cropped-image004-2.png\",\"contentUrl\":\"https:\/\/maisondefrance.de\/wp-content\/uploads\/2024\/09\/cropped-image004-2.png\",\"width\":665,\"height\":624,\"caption\":\"Freundeskreis des MAISON DE FRANCE e.V.\"},\"image\":{\"@id\":\"https:\/\/maisondefrance.de\/#\/schema\/logo\/image\/\"}}]}<\/script>\n<!-- \/ Yoast SEO plugin. -->","yoast_head_json":{"title":"Home - Freundeskreis des MAISON DE FRANCE e.V.","description":"Herzlich Willkommen et bienvenue sur le site de l'association du Cercle des amis de la MAISON DE FRANCE \u00e0 Berlin","robots":{"index":"index","follow":"follow","max-snippet":"max-snippet:-1","max-image-preview":"max-image-preview:large","max-video-preview":"max-video-preview:-1"},"canonical":"https:\/\/maisondefrance.de\/fr\/","og_locale":"fr_FR","og_type":"article","og_title":"Home - Freundeskreis des MAISON DE FRANCE e.V.","og_description":"Bienvenue und herzlich Willkommen beim Freundeskreis MAISON DE FRANCE Berlin e.V.","og_url":"https:\/\/maisondefrance.de\/fr\/","og_site_name":"Freundeskreis des MAISON DE FRANCE e.V.","article_modified_time":"2025-04-07T21:43:32+00:00","og_image":[{"width":600,"height":502,"url":"https:\/\/maisondefrance.de\/wp-content\/uploads\/2025\/04\/75ans_LOGO_FINAL_02_NEU.png","type":"image\/png"}],"twitter_card":"summary_large_image","twitter_misc":{"Dur\u00e9e de lecture estim\u00e9e":"3 minutes"},"schema":{"@context":"https:\/\/schema.org","@graph":[{"@type":"WebPage","@id":"https:\/\/maisondefrance.de\/","url":"https:\/\/maisondefrance.de\/","name":"Home - Freundeskreis des MAISON DE FRANCE e.V.","isPartOf":{"@id":"https:\/\/maisondefrance.de\/#website"},"primaryImageOfPage":{"@id":"https:\/\/maisondefrance.de\/#primaryimage"},"image":{"@id":"https:\/\/maisondefrance.de\/#primaryimage"},"thumbnailUrl":"https:\/\/maisondefrance.de\/wp-content\/uploads\/2025\/04\/75ans_LOGO_FINAL_02_NEU.png","datePublished":"2022-03-02T09:19:21+00:00","dateModified":"2025-04-07T21:43:32+00:00","description":"Herzlich Willkommen et bienvenue sur le site de l'association du Cercle des amis de la MAISON DE FRANCE \u00e0 Berlin","breadcrumb":{"@id":"https:\/\/maisondefrance.de\/#breadcrumb"},"inLanguage":"fr-FR","potentialAction":[{"@type":"ReadAction","target":["https:\/\/maisondefrance.de\/"]}]},{"@type":"ImageObject","inLanguage":"fr-FR","@id":"https:\/\/maisondefrance.de\/#primaryimage","url":"https:\/\/maisondefrance.de\/wp-content\/uploads\/2025\/04\/75ans_LOGO_FINAL_02_NEU.png","contentUrl":"https:\/\/maisondefrance.de\/wp-content\/uploads\/2025\/04\/75ans_LOGO_FINAL_02_NEU.png","width":600,"height":502},{"@type":"BreadcrumbList","@id":"https:\/\/maisondefrance.de\/#breadcrumb","itemListElement":[{"@type":"ListItem","position":1,"name":"Startseite","item":"https:\/\/maisondefrance.de\/"},{"@type":"ListItem","position":2,"name":"Home"}]},{"@type":"WebSite","@id":"https:\/\/maisondefrance.de\/#website","url":"https:\/\/maisondefrance.de\/","name":"Freundeskreis des MAISON DE FRANCE e.V.","description":"Deutsch-Franz\u00f6sischer Kulturverein","publisher":{"@id":"https:\/\/maisondefrance.de\/#organization"},"potentialAction":[{"@type":"SearchAction","target":{"@type":"EntryPoint","urlTemplate":"https:\/\/maisondefrance.de\/?s={search_term_string}"},"query-input":{"@type":"PropertyValueSpecification","valueRequired":true,"valueName":"search_term_string"}}],"inLanguage":"fr-FR"},{"@type":"Organization","@id":"https:\/\/maisondefrance.de\/#organization","name":"Freundeskreis des MAISON DE FRANCE e.V.","url":"https:\/\/maisondefrance.de\/","logo":{"@type":"ImageObject","inLanguage":"fr-FR","@id":"https:\/\/maisondefrance.de\/#\/schema\/logo\/image\/","url":"https:\/\/maisondefrance.de\/wp-content\/uploads\/2024\/09\/cropped-image004-2.png","contentUrl":"https:\/\/maisondefrance.de\/wp-content\/uploads\/2024\/09\/cropped-image004-2.png","width":665,"height":624,"caption":"Freundeskreis des MAISON DE FRANCE e.V."},"image":{"@id":"https:\/\/maisondefrance.de\/#\/schema\/logo\/image\/"}}]}},"_links":{"self":[{"href":"https:\/\/maisondefrance.de\/fr\/wp-json\/wp\/v2\/pages\/1412","targetHints":{"allow":["GET"]}}],"collection":[{"href":"https:\/\/maisondefrance.de\/fr\/wp-json\/wp\/v2\/pages"}],"about":[{"href":"https:\/\/maisondefrance.de\/fr\/wp-json\/wp\/v2\/types\/page"}],"author":[{"embeddable":true,"href":"https:\/\/maisondefrance.de\/fr\/wp-json\/wp\/v2\/users\/1"}],"replies":[{"embeddable":true,"href":"https:\/\/maisondefrance.de\/fr\/wp-json\/wp\/v2\/comments?post=1412"}],"version-history":[{"count":4,"href":"https:\/\/maisondefrance.de\/fr\/wp-json\/wp\/v2\/pages\/1412\/revisions"}],"predecessor-version":[{"id":2150,"href":"https:\/\/maisondefrance.de\/fr\/wp-json\/wp\/v2\/pages\/1412\/revisions\/2150"}],"wp:featuredmedia":[{"embeddable":true,"href":"https:\/\/maisondefrance.de\/fr\/wp-json\/wp\/v2\/media\/2146"}],"wp:attachment":[{"href":"https:\/\/maisondefrance.de\/fr\/wp-json\/wp\/v2\/media?parent=1412"}],"curies":[{"name":"wp","href":"https:\/\/api.w.org\/{rel}","templated":true}]}}